{"id":37,"date":"2020-05-19T09:53:32","date_gmt":"2020-05-19T09:53:32","guid":{"rendered":"https:\/\/csmacampagne.be\/fomdamental\/?page_id=37"},"modified":"2025-02-11T09:45:30","modified_gmt":"2025-02-11T09:45:30","slug":"accueil","status":"publish","type":"page","link":"https:\/\/csmacampagne.be\/fondamental\/","title":{"rendered":"Centre Scolaire de Ma Campagne"},"content":{"rendered":"\n<p>Le <strong>Centre Scolaire de Ma Campagne<\/strong> est une \u00e9cole fondamentale avec une section<strong> maternelle<\/strong> et une section <strong>primaire.<br><\/strong><br>Bienvenue sur notre site !<\/p>\n\n\n\n<blockquote class=\"wp-block-quote is-layout-flow wp-block-quote-is-layout-flow\">\n<p>La plus grande gloire n&rsquo;est pas de ne jamais tomber, mais de se relever \u00e0 chaque chute. Nelson Mandela<\/p>\n<\/blockquote>\n\n\n\n<hr class=\"wp-block-separator has-alpha-channel-opacity\"\/>\n\n\n\n<p>Chers tous,<br><br>C\u2019est avec enthousiasme et engagement que nous vous accueillons sur notre site internet. Avant de parcourir nos pages, permettez-nous de vous pr\u00e9senter bri\u00e8vement notre \u00e9cole.<br><br>Le <strong>Centre Scolaire de Ma Campagne<\/strong> est une \u00e9cole qui place l\u2019enfant au c\u0153ur de son projet p\u00e9dagogique. Notre \u00e9quipe \u00e9ducative veille chaque jour \u00e0 stimuler la motivation et la curiosit\u00e9 des \u00e9l\u00e8ves pour favoriser un apprentissage dynamique et \u00e9panouissant.<br><br>Convaincus que chaque enfant \u00e9volue \u00e0 son propre rythme, nous mettons un point d\u2019honneur \u00e0 l\u2019accompagner dans son d\u00e9veloppement personnel et scolaire. Gr\u00e2ce \u00e0 notre approche p\u00e9dagogique innovante, nous favorisons l\u2019autonomie et la diff\u00e9renciation. Nos classes verticales permettent aux \u00e9l\u00e8ves de progresser selon leurs besoins, qu\u2019ils n\u00e9cessitent un soutien suppl\u00e9mentaire ou qu\u2019ils avancent plus rapidement. De plus, chaque cycle b\u00e9n\u00e9ficie d\u2019heures d\u2019aide individualis\u00e9es afin d\u2019assurer un suivi optimal.<br> Nous avons \u00e9galement des enseignants et une logop\u00e8de qui accompagnent sp\u00e9cifiquement les enfants dont le fran\u00e7ais n\u2019est pas la langue d\u2019apprentissage, afin de leur offrir les meilleures conditions d\u2019int\u00e9gration et de r\u00e9ussite.<br><br>Dans un esprit d\u2019\u00e9volution constante, nous investissons activement dans les nouvelles technologies. Nos \u00e9l\u00e8ves b\u00e9n\u00e9ficient d\u2019une salle informatique \u00e9quip\u00e9e de 12 ordinateurs connect\u00e9s \u00e0 internet, de tableaux blancs interactifs dans toutes les classes primaires, ainsi que de tablettes adapt\u00e9es aux apprentissages num\u00e9riques dans chaque cycle. De plus, notre biblioth\u00e8que \u00ab Biblio Bulle \u00bb permet aux enfants d\u2019emprunter des livres chaque semaine, favorisant ainsi le plaisir de la lecture et le d\u00e9veloppement du langage.<br><br>Nous accordons \u00e9galement une grande importance \u00e0 une <strong>communication fluide et efficace<\/strong> avec les familles. C\u2019est pourquoi nous utilisons <strong>une application num\u00e9rique<\/strong> pour toutes nos communications. Celle-ci permet non seulement de transmettre les informations en temps r\u00e9el, mais aussi d\u2019assurer une meilleure accessibilit\u00e9 gr\u00e2ce \u00e0 une fonction de <strong>traduction des messages dans plusieurs langues<\/strong>.<br><br>Le bien-\u00eatre de l\u2019enfant \u00e9tant au c\u0153ur de nos pr\u00e9occupations, nous accordons une grande importance au d\u00e9veloppement des comp\u00e9tences sociales et \u00e9motionnelles. Notre \u00e9quipe \u00e9ducative, en collaboration avec notre \u00e9ducateur-coordinateur, veille \u00e0 offrir un cadre bienveillant et \u00e0 l\u2019\u00e9coute des besoins de chacun. Afin d\u2019encourager le dialogue et de proposer des temps de pause adapt\u00e9s, nous avons am\u00e9nag\u00e9 diff\u00e9rentes zones dans la cour de r\u00e9cr\u00e9ation.<br><br>Apr\u00e8s l\u2019\u00e9cole, nous proposons \u00e9galement diverses <strong>activit\u00e9s parascolaires<\/strong> pour enrichir l\u2019exp\u00e9rience des enfants et d\u00e9velopper leurs talents dans des domaines vari\u00e9s. Toutes les informations \u00e0 ce sujet sont disponibles dans l\u2019onglet \u00ab\u00a0<strong>Parascolaire<\/strong>\u00a0\u00bb de notre site.<br>Nous vous invitons \u00e0 d\u00e9couvrir plus en d\u00e9tail notre \u00e9cole \u00e0 travers ce site avec notre galerie photos et esp\u00e9rons vous y retrouver bient\u00f4t !<br><br><strong>L\u2019\u00e9quipe du Centre Scolaire de Ma Campagne<\/strong><\/p>\n\n\n\n<p><a href=\"https:\/\/csmacampagne.be\/fondamental\/galerie-photos\/\">N\u2019h\u00e9sitez pas \u00e0 d\u00e9couvrir notre galerie photos !<\/a><\/p>\n","protected":false},"excerpt":{"rendered":"<p>Le Centre Scolaire de Ma Campagne est une \u00e9cole fondamentale avec une section maternelle et une section primaire.Bienvenue sur notre site ! La plus grande gloire n&rsquo;est pas de ne jamais tomber, mais de se relever \u00e0 chaque chute. Nelson Mandela Chers tous, C\u2019est avec enthousiasme et engagement que nous vous accueillons sur notre site internet. Avant de parcourir nos pages, permettez-nous de vous pr\u00e9senter bri\u00e8vement notre \u00e9cole. Le Centre Scolaire de Ma Campagne est une \u00e9cole qui place l\u2019enfant&#8230;<\/p>\n<p class=\"read-more\"><a class=\"btn btn-default\" href=\"https:\/\/csmacampagne.be\/fondamental\/\"> Read More<span class=\"screen-reader-text\">  Read More<\/span><\/a><\/p>\n","protected":false},"author":1,"featured_media":0,"parent":0,"menu_order":0,"comment_status":"closed","ping_status":"closed","template":"","meta":{"_EventAllDay":false,"_EventTimezone":"","_EventStartDate":"","_EventEndDate":"","_EventStartDateUTC":"","_EventEndDateUTC":"","_EventShowMap":false,"_EventShowMapLink":false,"_EventURL":"","_EventCost":"","_EventCostDescription":"","_EventCurrencySymbol":"","_EventCurrencyCode":"","_EventCurrencyPosition":"","_EventDateTimeSeparator":"","_EventTimeRangeSeparator":"","_EventOrganizerID":[],"_EventVenueID":[],"_OrganizerEmail":"","_OrganizerPhone":"","_OrganizerWebsite":"","_VenueAddress":"","_VenueCity":"","_VenueCountry":"","_VenueProvince":"","_VenueState":"","_VenueZip":"","_VenuePhone":"","_VenueURL":"","_VenueStateProvince":"","_VenueLat":"","_VenueLng":"","_VenueShowMap":false,"_VenueShowMapLink":false,"footnotes":""},"class_list":["post-37","page","type-page","status-publish","hentry"],"_links":{"self":[{"href":"https:\/\/csmacampagne.be\/fondamental\/wp-json\/wp\/v2\/pages\/37","targetHints":{"allow":["GET"]}}],"collection":[{"href":"https:\/\/csmacampagne.be\/fondamental\/wp-json\/wp\/v2\/pages"}],"about":[{"href":"https:\/\/csmacampagne.be\/fondamental\/wp-json\/wp\/v2\/types\/page"}],"author":[{"embeddable":true,"href":"https:\/\/csmacampagne.be\/fondamental\/wp-json\/wp\/v2\/users\/1"}],"replies":[{"embeddable":true,"href":"https:\/\/csmacampagne.be\/fondamental\/wp-json\/wp\/v2\/comments?post=37"}],"version-history":[{"count":60,"href":"https:\/\/csmacampagne.be\/fondamental\/wp-json\/wp\/v2\/pages\/37\/revisions"}],"predecessor-version":[{"id":523,"href":"https:\/\/csmacampagne.be\/fondamental\/wp-json\/wp\/v2\/pages\/37\/revisions\/523"}],"wp:attachment":[{"href":"https:\/\/csmacampagne.be\/fondamental\/wp-json\/wp\/v2\/media?parent=37"}],"curies":[{"name":"wp","href":"https:\/\/api.w.org\/{rel}","templated":true}]}}