{"id":1037,"date":"2026-04-20T09:17:12","date_gmt":"2026-04-20T09:17:12","guid":{"rendered":"https:\/\/csmacampagne.be\/fondamental\/?post_type=tribe_events&#038;p=1037"},"modified":"2026-04-20T09:17:12","modified_gmt":"2026-04-20T09:17:12","slug":"soiree-classes-de-neige","status":"publish","type":"tribe_events","link":"https:\/\/csmacampagne.be\/fondamental\/event\/soiree-classes-de-neige\/","title":{"rendered":"Soir\u00e9e classes de neige"},"content":{"rendered":"<div  class=\"tribe-events-schedule tribe-clearfix\" >\n\t<p class=\"tribe-events-schedule__datetime\">\n\t\t<span class=\"tribe-events-schedule__date tribe-events-schedule__date--start\">\n\t\t\t22 mai\t\t<\/span>\n\n\t\t\t\t\t<span class=\"tribe-events-schedule__separator tribe-events-schedule__separator--date\">\n\t\t\t\t &#8211;\t\t\t<\/span>\n\t\t\t<span class=\"tribe-events-schedule__time tribe-events-schedule__time--start\">\n\t\t\t\t6:30 pm\t\t\t<\/span>\n\t\t\n\t\t\t\t\t\t\t\t\t<span class=\"tribe-events-schedule__separator tribe-events-schedule__separator--time\">\n\t\t\t\t\t &#8211; \t\t\t\t<\/span>\n\t\t\t\n\t\t\t\t\t\t\t<span class=\"tribe-events-schedule__time tribe-events-schedule__time--end\">\n\t\t\t\t\t8:00 pm\t\t\t\t<\/span>\n\t\t\t\n\t\t\t\t\t\t<\/p>\n<\/div>\n\n\n\n<p><strong>Le vendredi 22 mai \u00e0 18h30<\/strong>, la <strong>projection du film<\/strong> <strong>des classes de neige 2026<\/strong> aura lieu dans la <strong>salle alternative du Centre scolaire de Ma Campagne<\/strong>.<\/p>\n\n\n\n<p>Ce film retrace les <strong>classes de neige v\u00e9cues \u00e0 Torgnon<\/strong> par les \u00e9l\u00e8ves du <strong>cycle 10\u201112 ans<\/strong>. \u00c0 travers images et souvenirs, il met en lumi\u00e8re les moments forts de ce s\u00e9jour\u202f: les activit\u00e9s sportives, la vie en groupe et les d\u00e9couvertes faites en montagne.<\/p>\n\n\n\n<p><strong>L\u2019entr\u00e9e se fera par le portail situ\u00e9 au 33, rue du Tabellion.<\/strong><br>Il sera <strong>possible de se garer dans la cour de l\u2019\u00e9cole<\/strong>.<\/p>\n\n\n\n<p>Cette projection sera l\u2019occasion de revivre cette belle exp\u00e9rience collective et de partager un moment convivial autour de ce projet marquant pour les \u00e9l\u00e8ves.<\/p>\n\n\n\n<figure class=\"wp-block-image size-large\"><img decoding=\"async\" src=\"https:\/\/csmacampagne.be\/fondamental\/wp-content\/uploads\/2026\/05\/Invitations%20soir%C3%A9e%20projection%20FF.jpg\" alt=\"\"\/><\/figure>\n\n\n<div  class=\"tribe-block tribe-block__event-price\" >\n\t\t<\/div>\n\n\n\n\n<div  class=\"tribe-block tribe-block__venue tribe-clearfix tribe-block__venue--has-map\" >\n\t\n\t\n<div class=\"tribe-block__venue__meta\">\n\t<div class=\"tribe-block__venue__name\">\n\t\t<h3>Centre Scolaire de Ma Campagne<\/h3>\n\t<\/div>\n\n\t\n\t\t\t\t\t\t<address class=\"tribe-block__venue__address\">\n\t\t\t\t<span class=\"tribe-address\">\n\n<span class=\"tribe-street-address\">33, Rue du Tabellion<\/span>\n\t\n\t\t<br>\n\t\t<span class=\"tribe-locality\">IXELLES<\/span><span class=\"tribe-delimiter\">,<\/span>\n\n\n\t<span class=\"tribe-postal-code\">1050<\/span>\n\n\t<span class=\"tribe-country-name\">Belgium<\/span>\n\n<\/span>\n\n\t\t\t\t\t\t\t\t\t<a class=\"tribe-events-gmap\" href=\"https:\/\/maps.google.com\/maps?f=q&#038;source=s_q&#038;hl=en&#038;geocode=&#038;q=33%2C+Rue+du+Tabellion+IXELLES+1050+Belgium\" title=\"Click to view a Google Map\" target=\"_blank\" rel=\"noreferrer noopener\">+ Google Map<\/a>\t\t\t\t\t\t\t<\/address>\n\t\t\n\t\t\n\t\t\t\n\t<\/div>\n\t\n<div class=\"tribe-block__venue__map\">\n\t\n<iframe\n  title=\"Google maps iframe displaying the address to Centre Scolaire de Ma Campagne\"\n  aria-label=\"Venue location map\"\n  width=\"310px\"\n  height=\"256px\"\n  frameborder=\"0\" style=\"border:0\"\n  src=\"https:\/\/www.google.com\/maps\/embed\/v1\/place?key=AIzaSyDNsicAsP6-VuGtAb1O9riI3oc_NOb7IOU&#038;q=33%2C+Rue+du+Tabellion+IXELLES+1050+Belgium+&#038;zoom=15\" allowfullscreen>\n<\/iframe>\n<\/div>\n\n\t<\/div>\n\n\n\n\n\t<div  class=\"tribe-block tribe-block__events-link\" >\n\t\t<div class=\"tribe-events tribe-common\">\n\t\t\t<div class=\"tribe-events-c-subscribe-dropdown__container\">\n\t\t\t\t<div class=\"tribe-events-c-subscribe-dropdown\">\n\t\t\t\t\t<div class=\"tribe-common-c-btn-border tribe-events-c-subscribe-dropdown__button\">\n\t\t\t\t\t\t<svg\n\t class=\"tribe-common-c-svgicon tribe-common-c-svgicon--cal-export tribe-events-c-subscribe-dropdown__export-icon\" \taria-hidden=\"true\"\n\tviewBox=\"0 0 23 17\"\n\txmlns=\"http:\/\/www.w3.org\/2000\/svg\"\n>\n\t<path fill-rule=\"evenodd\" clip-rule=\"evenodd\" d=\"M.128.896V16.13c0 .211.145.383.323.383h15.354c.179 0 .323-.172.323-.383V.896c0-.212-.144-.383-.323-.383H.451C.273.513.128.684.128.896Zm16 6.742h-.901V4.679H1.009v10.729h14.218v-3.336h.901V7.638ZM1.01 1.614h14.218v2.058H1.009V1.614Z\" \/>\n\t<path d=\"M20.5 9.846H8.312M18.524 6.953l2.89 2.909-2.855 2.855\" stroke-width=\"1.2\" stroke-linecap=\"round\" stroke-linejoin=\"round\"\/>\n<\/svg>\n\t\t\t\t\t\t<button\n\t\t\t\t\t\t\tclass=\"tribe-events-c-subscribe-dropdown__button-text\"\n\t\t\t\t\t\t\taria-expanded=\"false\"\n\t\t\t\t\t\t\taria-controls=\"tribe-events-subscribe-dropdown-content\"\n\t\t\t\t\t\t\taria-label=\"View links to add events to your calendar\"\n\t\t\t\t\t\t>\n\t\t\t\t\t\t\tAdd to calendar\t\t\t\t\t\t<\/button>\n\t\t\t\t\t\t<svg\n\t class=\"tribe-common-c-svgicon tribe-common-c-svgicon--caret-down tribe-events-c-subscribe-dropdown__button-icon\" \taria-hidden=\"true\"\n\tviewBox=\"0 0 10 7\"\n\txmlns=\"http:\/\/www.w3.org\/2000\/svg\"\n>\n\t<path fill-rule=\"evenodd\" clip-rule=\"evenodd\" d=\"M1.008.609L5 4.6 8.992.61l.958.958L5 6.517.05 1.566l.958-.958z\" class=\"tribe-common-c-svgicon__svg-fill\"\/>\n<\/svg>\n\t\t\t\t\t<\/div>\n\t\t\t\t\t<div id=\"tribe-events-subscribe-dropdown-content\" class=\"tribe-events-c-subscribe-dropdown__content\">\n\t\t\t\t\t\t<ul class=\"tribe-events-c-subscribe-dropdown__list\">\n\t\t\t\t\t\t\t\t\t\t\t\t\t\t\t<li class=\"tribe-events-c-subscribe-dropdown__list-item tribe-events-c-subscribe-dropdown__list-item--gcal\">\n\t\t\t\t\t\t\t\t\t<a\n\t\t\t\t\t\t\t\t\t\thref=\"https:\/\/www.google.com\/calendar\/event?action=TEMPLATE&#038;dates=20260522T183000\/20260522T200000&#038;text=Soir%C3%A9e%20classes%20de%20neige&#038;details=%3Cp%3E%3Cstrong%3ELe+vendredi+22+mai+%C3%A0+18h30%3C%2Fstrong%3E%2C+la+%3Cstrong%3Eprojection+du+film%3C%2Fstrong%3E+%3Cstrong%3Edes+classes+de+neige+2026%3C%2Fstrong%3E+aura+lieu+dans+la+%3Cstrong%3Esalle+alternative+du+Centre+scolaire+de+Ma+Campagne%3C%2Fstrong%3E.%3C%2Fp%3E+%3Cp%3ECe+film+retrace+les+%3Cstrong%3Eclasses+de+neige+v%C3%A9cues+%C3%A0+Torgnon%3C%2Fstrong%3E+par+les+%C3%A9l%C3%A8ves+du+%3Cstrong%3Ecycle+10%E2%80%9112+ans%3C%2Fstrong%3E.+%C3%80+travers+images+et+souvenirs%2C+il+met+en+lumi%C3%A8re+les+moments+forts+de+ce+s%C3%A9jour%E2%80%AF%3A+les+activit%C3%A9s+sportives%2C+la+vie+en+groupe+et+les+d%C3%A9couvertes+faites+en+montagne.%3C%2Fp%3E+%3Cp%3E%3Cstrong%3EL%E2%80%99entr%C3%A9e+se+fera+par+le+portail+situ%C3%A9+au+33%2C+rue+du+Tabellion.%3C%2Fstrong%3E%3Cbr+%2F%3EIl+sera+%3Cstrong%3Epossible+de+se+garer+dans+la+cour+de+l%E2%80%99%C3%A9cole%3C%2Fstrong%3E.%3C%2Fp%3E+%3Cp%3ECette+projection+sera+l%E2%80%99occasion+de+revivre+cette+belle+exp%C3%A9rience+collective+et+de+partager+un+moment+convivial+autour+de+ce+projet+marquant+pour+les+%C3%A9l%C3%A8ves.%3C%2Fp%3E+%3Cfigure+class%3D%22wp-block-image+size-large%22%3E%3Cimg+src%3D%22https%3A%2F%2Fcsmacampagne.be%2Ffondamental%2Fwp-content%2Fuploads%2F20%3C%2Ffigure%3E+%28View+Full+event+Description+Here%3A+https%3A%2F%2Fcsmacampagne.be%2Ffondamental%2Fevent%2Fsoiree-classes-de-neige%2F%29&#038;location=Centre%20Scolaire%20de%20Ma%20Campagne,%2033,%20Rue%20du%20Tabellion,%20IXELLES,%201050,%20Belgium&#038;trp=false&#038;ctz=UTC+0&#038;sprop=website:https:\/\/csmacampagne.be\/fondamental\"\n\t\t\t\t\t\t\t\t\t\tclass=\"tribe-events-c-subscribe-dropdown__list-item-link\"\n\t\t\t\t\t\t\t\t\t\ttarget=\"_blank\"\n\t\t\t\t\t\t\t\t\t\trel=\"noopener noreferrer nofollow noindex\"\n\t\t\t\t\t\t\t\t\t>\n\t\t\t\t\t\t\t\t\t\tGoogle Calendar\t\t\t\t\t\t\t\t\t<\/a>\n\t\t\t\t\t\t\t\t<\/li>\n\t\t\t\t\t\t\t\t\t\t\t\t\t\t\t<li class=\"tribe-events-c-subscribe-dropdown__list-item tribe-events-c-subscribe-dropdown__list-item--ical\">\n\t\t\t\t\t\t\t\t\t<a\n\t\t\t\t\t\t\t\t\t\thref=\"\"\n\t\t\t\t\t\t\t\t\t\tclass=\"tribe-events-c-subscribe-dropdown__list-item-link\"\n\t\t\t\t\t\t\t\t\t\ttarget=\"_blank\"\n\t\t\t\t\t\t\t\t\t\trel=\"noopener noreferrer nofollow noindex\"\n\t\t\t\t\t\t\t\t\t>\n\t\t\t\t\t\t\t\t\t\tiCalendar\t\t\t\t\t\t\t\t\t<\/a>\n\t\t\t\t\t\t\t\t<\/li>\n\t\t\t\t\t\t\t\t\t\t\t\t\t\t\t<li class=\"tribe-events-c-subscribe-dropdown__list-item tribe-events-c-subscribe-dropdown__list-item--outlook-365\">\n\t\t\t\t\t\t\t\t\t<a\n\t\t\t\t\t\t\t\t\t\thref=\"\"\n\t\t\t\t\t\t\t\t\t\tclass=\"tribe-events-c-subscribe-dropdown__list-item-link\"\n\t\t\t\t\t\t\t\t\t\ttarget=\"_blank\"\n\t\t\t\t\t\t\t\t\t\trel=\"noopener noreferrer nofollow noindex\"\n\t\t\t\t\t\t\t\t\t>\n\t\t\t\t\t\t\t\t\t\tOutlook 365\t\t\t\t\t\t\t\t\t<\/a>\n\t\t\t\t\t\t\t\t<\/li>\n\t\t\t\t\t\t\t\t\t\t\t\t\t\t\t<li class=\"tribe-events-c-subscribe-dropdown__list-item tribe-events-c-subscribe-dropdown__list-item--outlook-live\">\n\t\t\t\t\t\t\t\t\t<a\n\t\t\t\t\t\t\t\t\t\thref=\"\"\n\t\t\t\t\t\t\t\t\t\tclass=\"tribe-events-c-subscribe-dropdown__list-item-link\"\n\t\t\t\t\t\t\t\t\t\ttarget=\"_blank\"\n\t\t\t\t\t\t\t\t\t\trel=\"noopener noreferrer nofollow noindex\"\n\t\t\t\t\t\t\t\t\t>\n\t\t\t\t\t\t\t\t\t\tOutlook Live\t\t\t\t\t\t\t\t\t<\/a>\n\t\t\t\t\t\t\t\t<\/li>\n\t\t\t\t\t\t\t\t\t\t\t\t\t<\/ul>\n\t\t\t\t\t<\/div>\n\t\t\t\t<\/div>\n\t\t\t<\/div>\n\t\t<\/div>\n\t<\/div>\n\n","protected":false},"excerpt":{"rendered":"<p>Le vendredi 22 mai \u00e0 18h30, la projection du film des classes de neige 2026 aura lieu dans la salle alternative du Centre scolaire de Ma Campagne. Ce film retrace les classes de neige v\u00e9cues \u00e0 Torgnon par les \u00e9l\u00e8ves du cycle 10\u201112 ans. \u00c0 travers images et souvenirs, il met en lumi\u00e8re les moments forts de ce s\u00e9jour\u202f: les activit\u00e9s sportives, la vie en groupe et les d\u00e9couvertes faites en montagne. L\u2019entr\u00e9e se fera par le portail situ\u00e9 au&#8230;<\/p>\n<p class=\"read-more\"><a class=\"btn btn-default\" href=\"https:\/\/csmacampagne.be\/fondamental\/event\/soiree-classes-de-neige\/\"> Read More<span class=\"screen-reader-text\">  Read More<\/span><\/a><\/p>\n","protected":false},"author":2,"featured_media":0,"template":"","meta":{"_EventAllDay":false,"_EventTimezone":"UTC+0","_EventStartDate":"2026-05-22 18:30:00","_EventEndDate":"2026-05-22 20:00:00","_EventStartDateUTC":"2026-05-22 18:30:00","_EventEndDateUTC":"2026-05-22 20:00:00","_EventShowMap":false,"_EventShowMapLink":false,"_EventURL":"","_EventCost":"","_EventCostDescription":"","_EventCurrencySymbol":"$","_EventCurrencyCode":"USD","_EventCurrencyPosition":"prefix","_EventDateTimeSeparator":" -","_EventTimeRangeSeparator":" - ","_EventOrganizerID":[],"_EventVenueID":[782],"_OrganizerEmail":"","_OrganizerPhone":"","_OrganizerWebsite":"","_VenueAddress":"","_VenueCity":"","_VenueCountry":"","_VenueProvince":"","_VenueState":"","_VenueZip":"","_VenuePhone":"","_VenueURL":"","_VenueStateProvince":"","_VenueLat":"","_VenueLng":"","_VenueShowMap":false,"_VenueShowMapLink":false,"_tribe_events_status":"","_tribe_events_status_reason":"","footnotes":""},"tags":[],"tribe_events_cat":[],"class_list":["post-1037","tribe_events","type-tribe_events","status-publish","hentry"],"_links":{"self":[{"href":"https:\/\/csmacampagne.be\/fondamental\/wp-json\/wp\/v2\/tribe_events\/1037","targetHints":{"allow":["GET"]}}],"collection":[{"href":"https:\/\/csmacampagne.be\/fondamental\/wp-json\/wp\/v2\/tribe_events"}],"about":[{"href":"https:\/\/csmacampagne.be\/fondamental\/wp-json\/wp\/v2\/types\/tribe_events"}],"author":[{"embeddable":true,"href":"https:\/\/csmacampagne.be\/fondamental\/wp-json\/wp\/v2\/users\/2"}],"version-history":[{"count":1,"href":"https:\/\/csmacampagne.be\/fondamental\/wp-json\/wp\/v2\/tribe_events\/1037\/revisions"}],"predecessor-version":[{"id":1038,"href":"https:\/\/csmacampagne.be\/fondamental\/wp-json\/wp\/v2\/tribe_events\/1037\/revisions\/1038"}],"wp:attachment":[{"href":"https:\/\/csmacampagne.be\/fondamental\/wp-json\/wp\/v2\/media?parent=1037"}],"wp:term":[{"taxonomy":"post_tag","embeddable":true,"href":"https:\/\/csmacampagne.be\/fondamental\/wp-json\/wp\/v2\/tags?post=1037"},{"taxonomy":"tribe_events_cat","embeddable":true,"href":"https:\/\/csmacampagne.be\/fondamental\/wp-json\/wp\/v2\/tribe_events_cat?post=1037"}],"curies":[{"name":"wp","href":"https:\/\/api.w.org\/{rel}","templated":true}]}}