{"id":1042,"date":"2026-04-20T09:32:28","date_gmt":"2026-04-20T09:32:28","guid":{"rendered":"https:\/\/csmacampagne.be\/fondamental\/?post_type=tribe_events&#038;p=1042"},"modified":"2026-04-20T09:32:29","modified_gmt":"2026-04-20T09:32:29","slug":"fancy-fair-2026-ma-campagne-voyage-dans-le-temps","status":"publish","type":"tribe_events","link":"https:\/\/csmacampagne.be\/fondamental\/event\/fancy-fair-2026-ma-campagne-voyage-dans-le-temps\/","title":{"rendered":"Fancy Fair 2026 : Ma Campagne voyage dans le temps"},"content":{"rendered":"<div  class=\"tribe-events-schedule tribe-clearfix\" >\n\t<p class=\"tribe-events-schedule__datetime\">\n\t\t<span class=\"tribe-events-schedule__date tribe-events-schedule__date--start\">\n\t\t\t30 mai\t\t<\/span>\n\n\t\t\t\t\t<span class=\"tribe-events-schedule__separator tribe-events-schedule__separator--date\">\n\t\t\t\t &#8211;\t\t\t<\/span>\n\t\t\t<span class=\"tribe-events-schedule__time tribe-events-schedule__time--start\">\n\t\t\t\t10:00 am\t\t\t<\/span>\n\t\t\n\t\t\t\t\t\t\t\t\t<span class=\"tribe-events-schedule__separator tribe-events-schedule__separator--time\">\n\t\t\t\t\t &#8211; \t\t\t\t<\/span>\n\t\t\t\n\t\t\t\t\t\t\t<span class=\"tribe-events-schedule__time tribe-events-schedule__time--end\">\n\t\t\t\t\t6:00 pm\t\t\t\t<\/span>\n\t\t\t\n\t\t\t\t\t\t<\/p>\n<\/div>\n\n\n\n<p>Nous avons le plaisir de vous inviter \u00e0 la <strong>Fancy Fair de l\u2019\u00e9cole<\/strong>, qui se d\u00e9roulera le <strong>samedi 30 mai \u00e0 partir de 10h00<\/strong>.<\/p>\n\n\n\n<p>Tout au long de la journ\u00e9e, petits et grands pourront profiter de nombreux <strong>stands de jeux<\/strong>, de <strong>spectacles<\/strong> ainsi que d\u2019un espace gourmand pour se r\u00e9galer dans une ambiance festive et conviviale.<\/p>\n\n\n\n<p>\ud83d\udd58 <strong>Programme de la journ\u00e9e<\/strong><\/p>\n\n\n\n<ul class=\"wp-block-list\">\n<li><strong>10h00<\/strong> : Ouverture des portes<\/li>\n\n\n\n<li><strong>11h00<\/strong> : Ouverture des stands jeux primaires<\/li>\n\n\n\n<li><strong>12h00<\/strong> : Ouverture des stands jeux maternelles<\/li>\n\n\n\n<li><strong>12h00<\/strong> : Ouverture du <strong>Village Gourmand<\/strong><\/li>\n\n\n\n<li><strong>15h00<\/strong> : Ouverture du go\u00fbter<\/li>\n\n\n\n<li><strong>17h30<\/strong> : Fermeture des stands jeux<\/li>\n\n\n\n<li><strong>17h45<\/strong> : Tirage de la <strong>Tombola<\/strong><\/li>\n\n\n\n<li><strong>18h00<\/strong> : Fermeture des portes<\/li>\n<\/ul>\n\n\n\n<p>\ud83d\udccd <strong>Acc\u00e8s<\/strong><br>L\u2019entr\u00e9e se fera par le <strong>portail du 33, rue du Tabellion<\/strong>.<\/p>\n\n\n\n<p>\ud83c\udf7d\ufe0f <strong>Restauration et convivialit\u00e9<\/strong><br>Pour pouvoir assister aux spectacles, profiter de l\u2019\u00e9v\u00e9nement autour d\u2019un verre et d\u00e9guster de d\u00e9licieux mets sucr\u00e9s (gaufres, cr\u00eapes\u2026) ou sal\u00e9s (Village Gourmand, hot-dogs), <strong>n\u2019oubliez pas de pr\u00e9commander vos tickets<\/strong> \u00e0 l\u2019aide du <strong>flyer \u2013 bon de commande<\/strong>.<\/p>\n\n\n\n<p>Nous vous attendons nombreux pour partager cette belle journ\u00e9e de f\u00eate ! \ud83c\udf88<\/p>\n\n\n\n<figure class=\"wp-block-image size-large\"><img decoding=\"async\" src=\"https:\/\/csmacampagne.be\/fondamental\/wp-content\/uploads\/2026\/05\/Affiche%20principale%20FF.jpg\" alt=\"\"\/><\/figure>\n\n\n<div  class=\"tribe-block tribe-block__event-price\" >\n\t\t<\/div>\n\n\n\n\n<div  class=\"tribe-block tribe-block__venue tribe-clearfix tribe-block__venue--has-map\" >\n\t\n\t\n<div class=\"tribe-block__venue__meta\">\n\t<div class=\"tribe-block__venue__name\">\n\t\t<h3>Centre Scolaire de Ma Campagne<\/h3>\n\t<\/div>\n\n\t\n\t\t\t\t\t\t<address class=\"tribe-block__venue__address\">\n\t\t\t\t<span class=\"tribe-address\">\n\n<span class=\"tribe-street-address\">33, Rue du Tabellion<\/span>\n\t\n\t\t<br>\n\t\t<span class=\"tribe-locality\">IXELLES<\/span><span class=\"tribe-delimiter\">,<\/span>\n\n\n\t<span class=\"tribe-postal-code\">1050<\/span>\n\n\t<span class=\"tribe-country-name\">Belgium<\/span>\n\n<\/span>\n\n\t\t\t\t\t\t\t\t\t<a class=\"tribe-events-gmap\" href=\"https:\/\/maps.google.com\/maps?f=q&#038;source=s_q&#038;hl=en&#038;geocode=&#038;q=33%2C+Rue+du+Tabellion+IXELLES+1050+Belgium\" title=\"Click to view a Google Map\" target=\"_blank\" rel=\"noreferrer noopener\">+ Google Map<\/a>\t\t\t\t\t\t\t<\/address>\n\t\t\n\t\t\n\t\t\t\n\t<\/div>\n\t\n<div class=\"tribe-block__venue__map\">\n\t\n<iframe\n  title=\"Google maps iframe displaying the address to Centre Scolaire de Ma Campagne\"\n  aria-label=\"Venue location map\"\n  width=\"310px\"\n  height=\"256px\"\n  frameborder=\"0\" style=\"border:0\"\n  src=\"https:\/\/www.google.com\/maps\/embed\/v1\/place?key=AIzaSyDNsicAsP6-VuGtAb1O9riI3oc_NOb7IOU&#038;q=33%2C+Rue+du+Tabellion+IXELLES+1050+Belgium+&#038;zoom=15\" allowfullscreen>\n<\/iframe>\n<\/div>\n\n\t<\/div>\n\n\n\n\n\t<div  class=\"tribe-block tribe-block__events-link\" >\n\t\t<div class=\"tribe-events tribe-common\">\n\t\t\t<div class=\"tribe-events-c-subscribe-dropdown__container\">\n\t\t\t\t<div class=\"tribe-events-c-subscribe-dropdown\">\n\t\t\t\t\t<div class=\"tribe-common-c-btn-border tribe-events-c-subscribe-dropdown__button\">\n\t\t\t\t\t\t<svg\n\t class=\"tribe-common-c-svgicon tribe-common-c-svgicon--cal-export tribe-events-c-subscribe-dropdown__export-icon\" \taria-hidden=\"true\"\n\tviewBox=\"0 0 23 17\"\n\txmlns=\"http:\/\/www.w3.org\/2000\/svg\"\n>\n\t<path fill-rule=\"evenodd\" clip-rule=\"evenodd\" d=\"M.128.896V16.13c0 .211.145.383.323.383h15.354c.179 0 .323-.172.323-.383V.896c0-.212-.144-.383-.323-.383H.451C.273.513.128.684.128.896Zm16 6.742h-.901V4.679H1.009v10.729h14.218v-3.336h.901V7.638ZM1.01 1.614h14.218v2.058H1.009V1.614Z\" \/>\n\t<path d=\"M20.5 9.846H8.312M18.524 6.953l2.89 2.909-2.855 2.855\" stroke-width=\"1.2\" stroke-linecap=\"round\" stroke-linejoin=\"round\"\/>\n<\/svg>\n\t\t\t\t\t\t<button\n\t\t\t\t\t\t\tclass=\"tribe-events-c-subscribe-dropdown__button-text\"\n\t\t\t\t\t\t\taria-expanded=\"false\"\n\t\t\t\t\t\t\taria-controls=\"tribe-events-subscribe-dropdown-content\"\n\t\t\t\t\t\t\taria-label=\"View links to add events to your calendar\"\n\t\t\t\t\t\t>\n\t\t\t\t\t\t\tAdd to calendar\t\t\t\t\t\t<\/button>\n\t\t\t\t\t\t<svg\n\t class=\"tribe-common-c-svgicon tribe-common-c-svgicon--caret-down tribe-events-c-subscribe-dropdown__button-icon\" \taria-hidden=\"true\"\n\tviewBox=\"0 0 10 7\"\n\txmlns=\"http:\/\/www.w3.org\/2000\/svg\"\n>\n\t<path fill-rule=\"evenodd\" clip-rule=\"evenodd\" d=\"M1.008.609L5 4.6 8.992.61l.958.958L5 6.517.05 1.566l.958-.958z\" class=\"tribe-common-c-svgicon__svg-fill\"\/>\n<\/svg>\n\t\t\t\t\t<\/div>\n\t\t\t\t\t<div id=\"tribe-events-subscribe-dropdown-content\" class=\"tribe-events-c-subscribe-dropdown__content\">\n\t\t\t\t\t\t<ul class=\"tribe-events-c-subscribe-dropdown__list\">\n\t\t\t\t\t\t\t\t\t\t\t\t\t\t\t<li class=\"tribe-events-c-subscribe-dropdown__list-item tribe-events-c-subscribe-dropdown__list-item--gcal\">\n\t\t\t\t\t\t\t\t\t<a\n\t\t\t\t\t\t\t\t\t\thref=\"https:\/\/www.google.com\/calendar\/event?action=TEMPLATE&#038;dates=20260530T100000\/20260530T180000&#038;text=Fancy%20Fair%202026%20%3A%20Ma%20Campagne%20voyage%20dans%20le%20temps&#038;details=%3Cp%3ENous+avons+le+plaisir+de+vous+inviter+%C3%A0+la+%3Cstrong%3EFancy+Fair+de+l%E2%80%99%C3%A9cole%3C%2Fstrong%3E%2C+qui+se+d%C3%A9roulera+le+%3Cstrong%3Esamedi+30+mai+%C3%A0+partir+de+10h00%3C%2Fstrong%3E.%3C%2Fp%3E+%3Cp%3ETout+au+long+de+la+journ%C3%A9e%2C+petits+et+grands+pourront+profiter+de+nombreux+%3Cstrong%3Estands+de+jeux%3C%2Fstrong%3E%2C+de+%3Cstrong%3Espectacles%3C%2Fstrong%3E+ainsi+que+d%E2%80%99un+espace+gourmand+pour+se+r%C3%A9galer+dans+une+ambiance+festive+et+conviviale.%3C%2Fp%3E+%3Cp%3E%F0%9F%95%98+%3Cstrong%3EProgramme+de+la+journ%C3%A9e%3C%2Fstrong%3E%3C%2Fp%3E+%3Cul+class%3D%22wp-block-list%22%3E%3Cli%3E%3Cstrong%3E10h00%3C%2Fstrong%3E+%3A+Ouverture+des+portes%3C%2Fli%3E%3Cli%3E%3Cstrong%3E11h00%3C%2Fstrong%3E+%3A+Ouverture+des+stands+jeux+primaires%3C%2Fli%3E%3Cli%3E%3Cstrong%3E12h00%3C%2Fstrong%3E+%3A+Ouverture+des+stands+jeux+maternelles%3C%2Fli%3E%3Cli%3E%3Cstrong%3E12h00%3C%2Fstrong%3E+%3A+Ouverture+du+%3Cstrong%3EVillage+Gourmand%3C%2Fstrong%3E%3C%2Fli%3E%3Cli%3E%3Cstrong%3E15h00%3C%2Fstrong%3E+%3A+Ouverture+du+go%C3%BBter%3C%2Fli%3E%3Cli%3E%3Cstrong%3E17h30%3C%2Fstrong%3E+%3A+Fermeture+des+stands+jeux%3C%2Fli%3E%3Cli%3E%3Cstrong%3E17h45%3C%2Fstrong%3E+%3A+Tirage+de+la+%3Cstrong%3ETombola%3C%2Fstrong%3E%3C%2Fli%3E%3Cli%3E%3Cstron%3C%2Fli%3E%3C%2Ful%3E+%28View+Full+event+Description+Here%3A+https%3A%2F%2Fcsmacampagne.be%2Ffondamental%2Fevent%2Ffancy-fair-2026-ma-campagne-voyage-dans-le-temps%2F%29&#038;location=Centre%20Scolaire%20de%20Ma%20Campagne,%2033,%20Rue%20du%20Tabellion,%20IXELLES,%201050,%20Belgium&#038;trp=false&#038;ctz=UTC+0&#038;sprop=website:https:\/\/csmacampagne.be\/fondamental\"\n\t\t\t\t\t\t\t\t\t\tclass=\"tribe-events-c-subscribe-dropdown__list-item-link\"\n\t\t\t\t\t\t\t\t\t\ttarget=\"_blank\"\n\t\t\t\t\t\t\t\t\t\trel=\"noopener noreferrer nofollow noindex\"\n\t\t\t\t\t\t\t\t\t>\n\t\t\t\t\t\t\t\t\t\tGoogle Calendar\t\t\t\t\t\t\t\t\t<\/a>\n\t\t\t\t\t\t\t\t<\/li>\n\t\t\t\t\t\t\t\t\t\t\t\t\t\t\t<li class=\"tribe-events-c-subscribe-dropdown__list-item tribe-events-c-subscribe-dropdown__list-item--ical\">\n\t\t\t\t\t\t\t\t\t<a\n\t\t\t\t\t\t\t\t\t\thref=\"\"\n\t\t\t\t\t\t\t\t\t\tclass=\"tribe-events-c-subscribe-dropdown__list-item-link\"\n\t\t\t\t\t\t\t\t\t\ttarget=\"_blank\"\n\t\t\t\t\t\t\t\t\t\trel=\"noopener noreferrer nofollow noindex\"\n\t\t\t\t\t\t\t\t\t>\n\t\t\t\t\t\t\t\t\t\tiCalendar\t\t\t\t\t\t\t\t\t<\/a>\n\t\t\t\t\t\t\t\t<\/li>\n\t\t\t\t\t\t\t\t\t\t\t\t\t\t\t<li class=\"tribe-events-c-subscribe-dropdown__list-item tribe-events-c-subscribe-dropdown__list-item--outlook-365\">\n\t\t\t\t\t\t\t\t\t<a\n\t\t\t\t\t\t\t\t\t\thref=\"\"\n\t\t\t\t\t\t\t\t\t\tclass=\"tribe-events-c-subscribe-dropdown__list-item-link\"\n\t\t\t\t\t\t\t\t\t\ttarget=\"_blank\"\n\t\t\t\t\t\t\t\t\t\trel=\"noopener noreferrer nofollow noindex\"\n\t\t\t\t\t\t\t\t\t>\n\t\t\t\t\t\t\t\t\t\tOutlook 365\t\t\t\t\t\t\t\t\t<\/a>\n\t\t\t\t\t\t\t\t<\/li>\n\t\t\t\t\t\t\t\t\t\t\t\t\t\t\t<li class=\"tribe-events-c-subscribe-dropdown__list-item tribe-events-c-subscribe-dropdown__list-item--outlook-live\">\n\t\t\t\t\t\t\t\t\t<a\n\t\t\t\t\t\t\t\t\t\thref=\"\"\n\t\t\t\t\t\t\t\t\t\tclass=\"tribe-events-c-subscribe-dropdown__list-item-link\"\n\t\t\t\t\t\t\t\t\t\ttarget=\"_blank\"\n\t\t\t\t\t\t\t\t\t\trel=\"noopener noreferrer nofollow noindex\"\n\t\t\t\t\t\t\t\t\t>\n\t\t\t\t\t\t\t\t\t\tOutlook Live\t\t\t\t\t\t\t\t\t<\/a>\n\t\t\t\t\t\t\t\t<\/li>\n\t\t\t\t\t\t\t\t\t\t\t\t\t<\/ul>\n\t\t\t\t\t<\/div>\n\t\t\t\t<\/div>\n\t\t\t<\/div>\n\t\t<\/div>\n\t<\/div>\n\n","protected":false},"excerpt":{"rendered":"<p>Nous avons le plaisir de vous inviter \u00e0 la Fancy Fair de l\u2019\u00e9cole, qui se d\u00e9roulera le samedi 30 mai \u00e0 partir de 10h00. Tout au long de la journ\u00e9e, petits et grands pourront profiter de nombreux stands de jeux, de spectacles ainsi que d\u2019un espace gourmand pour se r\u00e9galer dans une ambiance festive et conviviale. \ud83d\udd58 Programme de la journ\u00e9e \ud83d\udccd Acc\u00e8sL\u2019entr\u00e9e se fera par le portail du 33, rue du Tabellion. \ud83c\udf7d\ufe0f Restauration et convivialit\u00e9Pour pouvoir assister aux&#8230;<\/p>\n<p class=\"read-more\"><a class=\"btn btn-default\" href=\"https:\/\/csmacampagne.be\/fondamental\/event\/fancy-fair-2026-ma-campagne-voyage-dans-le-temps\/\"> Read More<span class=\"screen-reader-text\">  Read More<\/span><\/a><\/p>\n","protected":false},"author":2,"featured_media":0,"template":"","meta":{"_EventAllDay":false,"_EventTimezone":"UTC+0","_EventStartDate":"2026-05-30 10:00:00","_EventEndDate":"2026-05-30 18:00:00","_EventStartDateUTC":"2026-05-30 10:00:00","_EventEndDateUTC":"2026-05-30 18:00:00","_EventShowMap":false,"_EventShowMapLink":false,"_EventURL":"","_EventCost":"","_EventCostDescription":"","_EventCurrencySymbol":"$","_EventCurrencyCode":"USD","_EventCurrencyPosition":"prefix","_EventDateTimeSeparator":" -","_EventTimeRangeSeparator":" - ","_EventOrganizerID":[],"_EventVenueID":[782],"_OrganizerEmail":"","_OrganizerPhone":"","_OrganizerWebsite":"","_VenueAddress":"","_VenueCity":"","_VenueCountry":"","_VenueProvince":"","_VenueState":"","_VenueZip":"","_VenuePhone":"","_VenueURL":"","_VenueStateProvince":"","_VenueLat":"","_VenueLng":"","_VenueShowMap":false,"_VenueShowMapLink":false,"_tribe_events_status":"","_tribe_events_status_reason":"","footnotes":""},"tags":[],"tribe_events_cat":[],"class_list":["post-1042","tribe_events","type-tribe_events","status-publish","hentry"],"_links":{"self":[{"href":"https:\/\/csmacampagne.be\/fondamental\/wp-json\/wp\/v2\/tribe_events\/1042","targetHints":{"allow":["GET"]}}],"collection":[{"href":"https:\/\/csmacampagne.be\/fondamental\/wp-json\/wp\/v2\/tribe_events"}],"about":[{"href":"https:\/\/csmacampagne.be\/fondamental\/wp-json\/wp\/v2\/types\/tribe_events"}],"author":[{"embeddable":true,"href":"https:\/\/csmacampagne.be\/fondamental\/wp-json\/wp\/v2\/users\/2"}],"version-history":[{"count":1,"href":"https:\/\/csmacampagne.be\/fondamental\/wp-json\/wp\/v2\/tribe_events\/1042\/revisions"}],"predecessor-version":[{"id":1043,"href":"https:\/\/csmacampagne.be\/fondamental\/wp-json\/wp\/v2\/tribe_events\/1042\/revisions\/1043"}],"wp:attachment":[{"href":"https:\/\/csmacampagne.be\/fondamental\/wp-json\/wp\/v2\/media?parent=1042"}],"wp:term":[{"taxonomy":"post_tag","embeddable":true,"href":"https:\/\/csmacampagne.be\/fondamental\/wp-json\/wp\/v2\/tags?post=1042"},{"taxonomy":"tribe_events_cat","embeddable":true,"href":"https:\/\/csmacampagne.be\/fondamental\/wp-json\/wp\/v2\/tribe_events_cat?post=1042"}],"curies":[{"name":"wp","href":"https:\/\/api.w.org\/{rel}","templated":true}]}}